{"id":6703,"date":"2025-06-30T13:11:24","date_gmt":"2025-06-30T11:11:24","guid":{"rendered":"https:\/\/ambankara.esteri.it\/servizi-consolari-e-visti\/servizi-per-il-cittadino-straniero\/cittadinanza-2\/riacquisto-della-cittadinanza\/"},"modified":"2025-07-18T15:47:23","modified_gmt":"2025-07-18T13:47:23","slug":"riacquisto-della-cittadinanza","status":"publish","type":"page","link":"https:\/\/ambankara.esteri.it\/tr\/servizi-consolari-e-visti\/servizi-per-il-cittadino-straniero\/cittadinanza-2\/riacquisto-della-cittadinanza\/","title":{"rendered":"Yeniden Vatanda\u015fl\u0131k Alma"},"content":{"rendered":"<p>23 May\u0131s 2025 tarih ve 74 say\u0131l\u0131 Kanun, <strong>\u0130talya&#8217;da do\u011fan veya kesintisiz en az iki y\u0131l s\u00fcreyle \u0130talya&#8217;da ikamet eden<\/strong> ve 1912 tarihli 555 say\u0131l\u0131 Kanun\u2019un 8. maddesi 1. ve 2. f\u0131kras\u0131 ile 12. maddesi (yabanc\u0131 bir \u00fclkede telsik, kendi iradesi d\u0131\u015f\u0131nda ald\u0131\u011f\u0131 yabanc\u0131 vatanda\u015fl\u0131ktan \u00e7\u0131kma, vatanda\u015fl\u0131\u011f\u0131 kaybeden ebeveyniyle birlikte ya\u015fayan re\u015fit olmayan \u00e7ocuklar i\u00e7in) uyar\u0131nca <strong>en ge\u00e7 15 A\u011fustos 1992 tarihine kadar vatanda\u015fl\u0131\u011f\u0131n\u0131 kaybetmi\u015f olan eski vatanda\u015flar\u0131n yeniden <\/strong>vatanda\u015fl\u0131k almas\u0131 ko\u015fullar\u0131n\u0131 tekrar uygulamaya koydu. Yeniden vatanda\u015fl\u0131k alma imk\u00e2n\u0131 <strong>16 A\u011fustos 1992 tarihi sonras\u0131nda \u0130talyan vatanda\u015fl\u0131\u011f\u0131ndan \u00e7\u0131kanlar<\/strong> (veya ba\u015fka nedenlerle vatanda\u015fl\u0131\u011f\u0131n\u0131 kaybedenler) i\u00e7in ge\u00e7erli de\u011fildir.<\/p>\n<p>Yeniden vatanda\u015fl\u0131k alma beyanlar\u0131 <strong>1 Temmuz 2025 &#8211; 31 Aral\u0131k 2027<\/strong> tarihleri \u200b\u200baras\u0131nda ibraz edilebilecektir.<\/p>\n<p>Yeniden vatanda\u015fl\u0131k almak isteyen ki\u015finin a\u015fa\u011f\u0131dakileri ibraz etmesi gerekir:<\/p>\n<ol>\n<li>H\u00e2lihaz\u0131rda vatanda\u015f\u0131 olunan \u00fclkenin yetkili makamlar\u0131nca verilmi\u015f ge\u00e7erli kimlik belgesi;<\/li>\n<li>Do\u011fum belgesi: Do\u011fum yeri yurt d\u0131\u015f\u0131 ise, apostil (veya tasdikli) \u015ferhi eklenmi\u015f ve terc\u00fcme edilmi\u015f olarak \u0130talya\u2019da n\u00fcfusa kay\u0131t i\u00e7in \u00f6ng\u00f6r\u00fclen \u015fekillerde ibraz edilmelidir;<\/li>\n<li>Yurt d\u0131\u015f\u0131nda do\u011fanlar i\u00e7in yetkili \u0130talyan belediyesinden al\u0131nm\u0131\u015f tarih\u00e7eli ikametg\u00e2h belgesi;<\/li>\n<li>Tarih\u00e7eli vatanda\u015fl\u0131k belgesi;<\/li>\n<li>Vatanda\u015fl\u0131\u011f\u0131n kaybedilmesinin nedenini ve tarihini g\u00f6steren belgeler (yabanc\u0131 vatanda\u015fl\u0131\u011f\u0131n al\u0131nd\u0131\u011f\u0131 ve duruma uygunsa \u0130talyan vatanda\u015fl\u0131\u011f\u0131ndan \u00e7\u0131k\u0131ld\u0131\u011f\u0131 \u015funlarla g\u00f6sterilmelidir: <strong>telsik belgesi<\/strong> veya yerel uygulamalar gerektiriyorsa vatanda\u015fl\u0131k belgesi ve vatanda\u015fl\u0131\u011fa temel te\u015fkil eden hukuki stat\u00fc beraberinde do\u011fum belgesi; yabanc\u0131 makamlarca verilen belgelerin uygun \u015fekilde tasdik edilmesi ve terc\u00fcme edilmesi gerekir).<\/li>\n<\/ol>\n<p>\u0130talyan vatanda\u015fl\u0131\u011f\u0131n\u0131n yeniden al\u0131nmas\u0131na ili\u015fkin beyanlar i\u00e7in Konsolosluk Ofisine 250 avro tutar\u0131nda bir har\u00e7 \u00f6denmesi gerekmektedir.<\/p>\n<p>Beyan\u0131n ilgili ki\u015fi taraf\u0131ndan <u>bizzat<\/u> yap\u0131lmas\u0131 gerekmektedir.<\/p>\n<p>91\/1992 say\u0131l\u0131 Kanun\u2019un 15. maddesi gere\u011fince ilgili \u015fah\u0131s vatanda\u015fl\u0131\u011f\u0131 do\u011fum g\u00fcn\u00fcnden itibaren de\u011fil, beyan\u0131n yap\u0131ld\u0131\u011f\u0131 tarihi takip eden g\u00fcn itibar\u0131yla yeniden al\u0131r.<\/p>\n","protected":false},"excerpt":{"rendered":"23 May\u0131s 2025 tarih ve 74 say\u0131l\u0131 Kanun, \u0130talya&#8217;da do\u011fan veya kesintisiz en az iki y\u0131l s\u00fcreyle \u0130talya&#8217;da ikamet eden ve 1912 tarihli 555 say\u0131l\u0131 Kanun\u2019un 8. maddesi 1. ve 2. f\u0131kras\u0131 ile 12. maddesi (yabanc\u0131 bir \u00fclkede telsik, kendi iradesi d\u0131\u015f\u0131nda ald\u0131\u011f\u0131 yabanc\u0131 vatanda\u015fl\u0131ktan \u00e7\u0131kma, vatanda\u015fl\u0131\u011f\u0131 kaybeden ebeveyniyle birlikte ya\u015fayan re\u015fit olmayan \u00e7ocuklar i\u00e7in) [&hellip;]","protected":false},"author":10,"featured_media":0,"parent":6684,"menu_order":4,"comment_status":"closed","ping_status":"closed","template":"","meta":{"footnotes":""},"class_list":["post-6703","page","type-page","status-publish","hentry"],"_links":{"self":[{"href":"https:\/\/ambankara.esteri.it\/tr\/wp-json\/wp\/v2\/pages\/6703","targetHints":{"allow":["GET"]}}],"collection":[{"href":"https:\/\/ambankara.esteri.it\/tr\/wp-json\/wp\/v2\/pages"}],"about":[{"href":"https:\/\/ambankara.esteri.it\/tr\/wp-json\/wp\/v2\/types\/page"}],"author":[{"embeddable":true,"href":"https:\/\/ambankara.esteri.it\/tr\/wp-json\/wp\/v2\/users\/10"}],"replies":[{"embeddable":true,"href":"https:\/\/ambankara.esteri.it\/tr\/wp-json\/wp\/v2\/comments?post=6703"}],"version-history":[{"count":3,"href":"https:\/\/ambankara.esteri.it\/tr\/wp-json\/wp\/v2\/pages\/6703\/revisions"}],"predecessor-version":[{"id":6716,"href":"https:\/\/ambankara.esteri.it\/tr\/wp-json\/wp\/v2\/pages\/6703\/revisions\/6716"}],"up":[{"embeddable":true,"href":"https:\/\/ambankara.esteri.it\/tr\/wp-json\/wp\/v2\/pages\/6684"}],"wp:attachment":[{"href":"https:\/\/ambankara.esteri.it\/tr\/wp-json\/wp\/v2\/media?parent=6703"}],"curies":[{"name":"wp","href":"https:\/\/api.w.org\/{rel}","templated":true}]}}