{"id":69,"date":"2023-05-01T08:01:21","date_gmt":"2023-05-01T06:01:21","guid":{"rendered":"https:\/\/ambankara.esteri.it\/?page_id=69"},"modified":"2026-04-20T13:50:27","modified_gmt":"2026-04-20T11:50:27","slug":"contatti","status":"publish","type":"page","link":"https:\/\/ambankara.esteri.it\/it\/chi-siamo\/contatti\/","title":{"rendered":"Contatti"},"content":{"rendered":"<p class=\"boxLevel04\"><strong>Ambasciata d\u2019Italia<\/strong><br \/>\nAtat\u00fcrk Bulvar\u0131 n. 118<br \/>\n06680 Kavakl\u0131dere<br \/>\nAnkara<\/p>\n<article id=\"articolo_centro\" class=\"col-md-15 col-sm-15 padding_articolo item-page\" role=\"main\" aria-label=\"articolo\">\n<div>\n<p class=\"boxLevel04\">Centralino\u00a0<span class=\"baec5a81-e4d6-4674-97f3-e9220f0136c1\">+90 312 4574 200<\/span><br \/>\nMail:\u00a0<a href=\"mailto:ambasciata.ankara@esteri.it\">ambasciata.ankara@esteri.it<\/a><\/p>\n<p class=\"boxLevel04\">Pec:\u00a0<a href=\"mailto:amb.ankara@cert.esteri.it\">amb.ankara@cert.esteri.it<\/a><\/p>\n<p><strong>In casi di\u00a0comprovata emergenza,\u00a0<\/strong>nei giorni festivi e al difuori degli orari d\u2019ufficio (lun-ven dalle 9:00 alle 17:00) potete chiamare i seguenti numeri:<\/p>\n<p>Per l\u2019area di Ankara e il sud-est della Turchia:\u00a0<span class=\"baec5a81-e4d6-4674-97f3-e9220f0136c1\">+90 532 374 8177<\/span><br \/>\nPer l\u2019area di Istanbul e la costa del Mar Nero:\u00a0<span class=\"baec5a81-e4d6-4674-97f3-e9220f0136c1\">+90 555 458 5844<\/span><br \/>\nPer l\u2019area di Izmir, la costa mediterranea e la Cappadocia:\u00a0<span class=\"baec5a81-e4d6-4674-97f3-e9220f0136c1\">+90 532 6773273<\/span><\/p>\n<\/div>\n<p>*************************************<\/p>\n<p><strong>SEGRETERIA DELL\u2019AMBASCIATORE<\/strong><br \/>\nDiego Antonino CIMINO<br \/>\nTel.:\u00a0<span class=\"baec5a81-e4d6-4674-97f3-e9220f0136c1\">+90 312 4574 200<\/span><br \/>\ne-mail: <a href=\"mailto:ambankara.segreteria@esteri.it\">ambankara.segreteria@esteri.it<\/a><strong><br \/>\n<\/strong><\/p>\n<p><span class=\"baec5a81-e4d6-4674-97f3-e9220f0136c1\"><strong>UFFICIO DEL MINISTRO CONSIGLIERE<br \/>\n<\/strong>Francesco de STEFANI SPADAFORA, Ministro Consigliere e Vice Capo Missione<br \/>\nTel.:\u00a0+90 312 4574 220<strong><br \/>\n<\/strong>e-mail: <a href=\"mailto:ambankara.segreteria@esteri.it\">ambankara.segreteria@esteri.it<\/a><\/span><\/p>\n<p><strong>UFFICIO POLITICO<\/strong><\/p>\n<p>Ferdinando STAGNO d\u2019ALCONTRES<\/p>\n<p>Diego Antonino CIMINO<\/p>\n<p>Alice TESTA<\/p>\n<p>Tel.: +90 312 4574 220e-mail:\u00a0<a href=\"mailto:ambasciata.ankara@esteri.it\">ambasciata.ankara@esteri.it<\/a><\/p>\n<p><strong>UFFICIO ECONOMICO COMMERCIALE<\/strong><\/p>\n<p>Andrea DELLA NEBBIA<\/p>\n<p>Andrea ZOPPO<\/p>\n<p>Tel.\u00a0<span class=\"baec5a81-e4d6-4674-97f3-e9220f0136c1\">+90 312 4574 275<\/span><br \/>\ne-mail:\u00a0<a href=\"mailto:commerciale.ambankara@esteri.it\">commerciale.ambankara@esteri.it<\/a><br \/>\nPer le aziende italiane:\u00a0<a href=\"https:\/\/nexus.esteri.it\/?sede=727\">NEXUS<\/a><\/p>\n<p><strong>UFFICIO STAMPA, COMUNICAZIONE E DIPLOMAZIA PUBBLICA<\/strong><\/p>\n<p>Diego Antonino CIMINO<br \/>\nTel.:\u00a0<span class=\"baec5a81-e4d6-4674-97f3-e9220f0136c1\">+90 312 4574 200<\/span><br \/>\ne-mail: <a href=\"mailto:ambankara.segreteria@esteri.it\">ambankara.segreteria@esteri.it<\/a><\/p>\n<p><strong>CANCELLERIA CONSOLARE<\/strong><\/p>\n<p>Erica ENNE<\/p>\n<p>Giuseppe SCARPA<\/p>\n<p>Tel:\u00a0<span class=\"baec5a81-e4d6-4674-97f3-e9220f0136c1\">+90 312 4574 200<\/span><br \/>\nFax:\u00a0<span class=\"baec5a81-e4d6-4674-97f3-e9220f0136c1\">+90 312 4574 280<\/span><br \/>\ne-mail:\u00a0<a href=\"mailto:consolare.ambankara@esteri.it\">consolare.ambankara@esteri.it<\/a><\/p>\n<p><strong>UFFICIO VISTI<\/strong><\/p>\n<p>Tel.: +90 312 4574 200<br \/>\nFax: +90 312 4574 283<br \/>\ne-mail: <a href=\"mailto:visti.ambankara@esteri.it\">visti.ambankara@esteri.it<\/a> e\u00a0<a href=\"mailto:ankara.vize@esteri.it\">ankara.vize@esteri.it<\/a><\/p>\n<p><strong>ADDETTO CULTURALE<\/strong><\/p>\n<p>Maria Luisa SCOLARI<br \/>\nTel.: +90 312 4574 268<br \/>\ne-mail: <a href=\"mailto:ambankara.culturale@esteri.it\">ambankara.culturale@esteri.it<\/a><\/p>\n<p><strong>ADDETTO SCIENTIFICO<\/strong><\/p>\n<p>Prof.ssa Vladia MONSURRO&#8217;<br \/>\nTel.: +90 3124574210<br \/>\ne-mail: \u00a0<a href=\"mailto:ambankara.scientifico@esteri.it\">ambankara.scientifico@esteri.it<\/a><\/p>\n<p><strong>UFFICIO AMMINISTRATIVO CONTABILE<\/strong><\/p>\n<p>Patrizia FANELLI<br \/>\nTel.:\u00a0<span class=\"baec5a81-e4d6-4674-97f3-e9220f0136c1\">+90 312 4574 200<\/span><br \/>\ne-mail:\u00a0<a href=\"mailto:ankara.contabilita@esteri.it\">ankara.contabilita@esteri.it<\/a><\/p>\n<p><strong>UFFICIO DELL\u2019ADDETTO PER LA DIFESA, ESERCITO, MARINA ED AERONAUTICA<\/strong><\/p>\n<p>Addetto per la Difesa, Col. Francesco GIOVANNINI<br \/>\nAddetto Aggiunto per la Difesa, Ten. Col. CC. Franco MACERA<br \/>\nTel: +90 312 468 12 97 \u2013 467 31 78<br \/>\nFax: +90 312 468 80 23 \u2013 467 29 82<br \/>\ne-mail:\u00a0<a href=\"mailto:difeitalia.ankara@smd.difesa.it\">difeitalia.ankara@smd.difesa.it<\/a><\/p>\n<p><strong>UFFICIO DELL\u2019ESPERTO DEL MINISTERO DELL\u2019INTERNO<\/strong><\/p>\n<p>Vice Questore Aggiunto\u00a0Fabio GUADAGNI<br \/>\nTel.:\u00a0<span class=\"baec5a81-e4d6-4674-97f3-e9220f0136c1\">+90 312 468 6220<\/span><br \/>\ne-mail:\u00a0<a href=\"mailto:ankara.immigrazione@esteri.it\">ankara.immigrazione@esteri.it<\/a><\/p>\n<p><strong>UFFICIO DELL\u2019ESPERTO DELLA GUARDIA DI FINANZA<\/strong><\/p>\n<p>Col. Giuseppe BUA<br \/>\nTel.: +90 312 468 6233<br \/>\ne-mail: <a href=\"mailto:attache.ankara@gdf.it\">attache.ankara@gdf.it<\/a><\/p>\n<p>TIROCINANTI<\/p>\n<p>e-mail: <a href=\"mailto:stagisti.ambankara@esteri.it\">stagisti.ambankara@esteri.it<\/a><\/p>\n<\/article>\n","protected":false},"excerpt":{"rendered":"Ambasciata d\u2019Italia Atat\u00fcrk Bulvar\u0131 n. 118 06680 Kavakl\u0131dere Ankara Centralino\u00a0+90 312 4574 200 Mail:\u00a0ambasciata.ankara@esteri.it Pec:\u00a0amb.ankara@cert.esteri.it In casi di\u00a0comprovata emergenza,\u00a0nei giorni festivi e al difuori degli orari d\u2019ufficio (lun-ven dalle 9:00 alle 17:00) potete chiamare i seguenti numeri: Per l\u2019area di Ankara e il sud-est della Turchia:\u00a0+90 532 374 8177 Per l\u2019area di Istanbul e la [&hellip;]","protected":false},"author":3,"featured_media":0,"parent":10,"menu_order":6,"comment_status":"closed","ping_status":"closed","template":"","meta":{"footnotes":""},"class_list":["post-69","page","type-page","status-publish","hentry"],"_links":{"self":[{"href":"https:\/\/ambankara.esteri.it\/it\/wp-json\/wp\/v2\/pages\/69","targetHints":{"allow":["GET"]}}],"collection":[{"href":"https:\/\/ambankara.esteri.it\/it\/wp-json\/wp\/v2\/pages"}],"about":[{"href":"https:\/\/ambankara.esteri.it\/it\/wp-json\/wp\/v2\/types\/page"}],"author":[{"embeddable":true,"href":"https:\/\/ambankara.esteri.it\/it\/wp-json\/wp\/v2\/users\/3"}],"replies":[{"embeddable":true,"href":"https:\/\/ambankara.esteri.it\/it\/wp-json\/wp\/v2\/comments?post=69"}],"version-history":[{"count":6,"href":"https:\/\/ambankara.esteri.it\/it\/wp-json\/wp\/v2\/pages\/69\/revisions"}],"predecessor-version":[{"id":7693,"href":"https:\/\/ambankara.esteri.it\/it\/wp-json\/wp\/v2\/pages\/69\/revisions\/7693"}],"up":[{"embeddable":true,"href":"https:\/\/ambankara.esteri.it\/it\/wp-json\/wp\/v2\/pages\/10"}],"wp:attachment":[{"href":"https:\/\/ambankara.esteri.it\/it\/wp-json\/wp\/v2\/media?parent=69"}],"curies":[{"name":"wp","href":"https:\/\/api.w.org\/{rel}","templated":true}]}}